{"id":57,"date":"2021-01-02T16:47:21","date_gmt":"2021-01-02T16:47:21","guid":{"rendered":"http:\/\/ferienwohnung-amwaeldchen.de\/?page_id=57"},"modified":"2022-06-19T20:11:32","modified_gmt":"2022-06-19T20:11:32","slug":"nachhaltigkeit","status":"publish","type":"page","link":"https:\/\/ferienwohnung-amwaeldchen.de\/?page_id=57","title":{"rendered":"Nachhaltigkeit"},"content":{"rendered":"\n<div class=\"wp-block-columns is-layout-flex wp-container-core-columns-is-layout-2 wp-block-columns-is-layout-flex\">\n<div class=\"wp-block-column is-layout-flow wp-block-column-is-layout-flow\" style=\"flex-basis:100%\">\n<div class=\"wp-block-columns is-layout-flex wp-container-core-columns-is-layout-1 wp-block-columns-is-layout-flex\"><\/div>\n<\/div>\n<\/div>\n\n\n\n<div class=\"wp-block-columns is-layout-flex wp-container-core-columns-is-layout-3 wp-block-columns-is-layout-flex\">\n<div class=\"wp-block-column is-layout-flow wp-block-column-is-layout-flow\" style=\"flex-basis:66.66%\">\n<p>Mit Stolz k\u00f6nnen wir sagen, dass wir Teil des nachhaltigen Reiseziels Deutsche Weinstra\u00dfe sind. Mit der Zertifizierung bekennt sich die Deutsche Weinstra\u00dfe als erste Region in Rheinland-Pfalz zu ihrer Verantwortung f\u00fcr nachhaltigen Tourismus und will sich gemeinsam mit uns, den Leistungstr\u00e4gern vor Ort, zukunftsf\u00e4hig weiterentwickeln. W\u00e4hrend des Zertifizierungsprozesses wurden drei Aspekte der Nachhaltigkeit (\u00f6konomische, \u00f6kologische und soziale) \u00fcberpr\u00fcft und ein Verbesserungsprogramm erarbeitet.<\/p>\n<\/div>\n\n\n\n<div class=\"wp-block-column is-layout-flow wp-block-column-is-layout-flow\" style=\"flex-basis:33.33%\">\n<figure class=\"wp-block-image size-large\"><a href=\"http:\/\/www.deutscheweinstrasse-pfalz.de\/\" target=\"_blank\" rel=\"noreferrer noopener\"><img loading=\"lazy\" decoding=\"async\" width=\"240\" height=\"240\" src=\"http:\/\/ferienwohnung-amwaeldchen.de\/wp-content\/uploads\/2021\/07\/Logo_Partnerbetrieb_Gruen.jpeg\" alt=\"\" class=\"wp-image-63\" srcset=\"https:\/\/ferienwohnung-amwaeldchen.de\/wp-content\/uploads\/2021\/07\/Logo_Partnerbetrieb_Gruen.jpeg 240w, https:\/\/ferienwohnung-amwaeldchen.de\/wp-content\/uploads\/2021\/07\/Logo_Partnerbetrieb_Gruen-150x150.jpeg 150w, https:\/\/ferienwohnung-amwaeldchen.de\/wp-content\/uploads\/2021\/07\/Logo_Partnerbetrieb_Gruen-100x100.jpeg 100w\" sizes=\"(max-width: 240px) 100vw, 240px\" \/><\/a><\/figure>\n<\/div>\n<\/div>\n\n\n\n<div class=\"wp-block-columns is-layout-flex wp-container-core-columns-is-layout-4 wp-block-columns-is-layout-flex\">\n<div class=\"wp-block-column is-layout-flow wp-block-column-is-layout-flow\" style=\"flex-basis:33.33%\"><div class=\"wp-block-image\">\n<figure class=\"aligncenter size-large\"><a href=\"http:\/\/www.tourcert.org\/\" target=\"_blank\" rel=\"noreferrer noopener\"><img loading=\"lazy\" decoding=\"async\" width=\"1024\" height=\"456\" src=\"https:\/\/ferienwohnung-amwaeldchen.de\/wp-content\/uploads\/2022\/06\/TourCert-Qualified-1024x456.png\" alt=\"\" class=\"wp-image-78\" srcset=\"https:\/\/ferienwohnung-amwaeldchen.de\/wp-content\/uploads\/2022\/06\/TourCert-Qualified-1024x456.png 1024w, https:\/\/ferienwohnung-amwaeldchen.de\/wp-content\/uploads\/2022\/06\/TourCert-Qualified-300x133.png 300w, https:\/\/ferienwohnung-amwaeldchen.de\/wp-content\/uploads\/2022\/06\/TourCert-Qualified-768x342.png 768w, https:\/\/ferienwohnung-amwaeldchen.de\/wp-content\/uploads\/2022\/06\/TourCert-Qualified.png 1371w\" sizes=\"(max-width: 706px) 89vw, (max-width: 767px) 82vw, 740px\" \/><\/a><\/figure><\/div><\/div>\n\n\n\n<div class=\"wp-block-column is-layout-flow wp-block-column-is-layout-flow\" style=\"flex-basis:66.66%\">\n<p>Das Qualit\u00e4tssiegel \u201eNachhaltiges Reiseziel\u201c wurde von der Beratungs- und Zertifizierungsorganisation TourCert gGmbH aus Stuttgart verliehen, welche eine anerkannte Zertifizierungsorganisation mit dem Schwerpunkt Tourismus ist. Durch den erfolgreich angesto\u00dfenen Prozess erhielt unsere Ferienwohnung am W\u00e4ldchen die Auszeichnung \u201eNachhaltiges Reiseziel\u201c.<\/p>\n<\/div>\n<\/div>\n\n\n\n<p><\/p>\n\n\n\n<div class=\"wp-block-columns is-layout-flex wp-container-core-columns-is-layout-5 wp-block-columns-is-layout-flex\">\n<div class=\"wp-block-column is-layout-flow wp-block-column-is-layout-flow\">\n<figure class=\"wp-block-image size-large\"><img loading=\"lazy\" decoding=\"async\" width=\"595\" height=\"842\" src=\"https:\/\/ferienwohnung-amwaeldchen.de\/wp-content\/uploads\/2021\/07\/TourCert-Check-Ferienwohnung-am-Waeldchen.jpg\" alt=\"\" class=\"wp-image-65\" srcset=\"https:\/\/ferienwohnung-amwaeldchen.de\/wp-content\/uploads\/2021\/07\/TourCert-Check-Ferienwohnung-am-Waeldchen.jpg 595w, https:\/\/ferienwohnung-amwaeldchen.de\/wp-content\/uploads\/2021\/07\/TourCert-Check-Ferienwohnung-am-Waeldchen-212x300.jpg 212w\" sizes=\"(max-width: 595px) 100vw, 595px\" \/><\/figure>\n<\/div>\n\n\n\n<div class=\"wp-block-column is-layout-flow wp-block-column-is-layout-flow\">\n<figure class=\"wp-block-image size-large\"><img loading=\"lazy\" decoding=\"async\" width=\"595\" height=\"842\" src=\"https:\/\/ferienwohnung-amwaeldchen.de\/wp-content\/uploads\/2021\/07\/TourCert-Check-Ferienwohnung-am-Waeldchen-EN.jpg\" alt=\"\" class=\"wp-image-66\" srcset=\"https:\/\/ferienwohnung-amwaeldchen.de\/wp-content\/uploads\/2021\/07\/TourCert-Check-Ferienwohnung-am-Waeldchen-EN.jpg 595w, https:\/\/ferienwohnung-amwaeldchen.de\/wp-content\/uploads\/2021\/07\/TourCert-Check-Ferienwohnung-am-Waeldchen-EN-212x300.jpg 212w\" sizes=\"(max-width: 595px) 100vw, 595px\" \/><\/figure>\n<\/div>\n<\/div>\n\n\n\n<p>Wir m\u00f6chten besondere Betonung auf Nachhaltigkeit legen und haben bereits viel getan. Was \u00fcber den Verbrauch von Solarstrom \u00fcber unsere Photovoltaikanlage hinaus ben\u00f6tigt wird, beziehen wir von unserem Energieversorgungsunternehmen als 100% Naturstrom. <\/p>\n\n\n\n<p>Warmes Wasser kommt ebenfalls \u201evom Dach\u201c als Brauchwassererw\u00e4rmung und in der \u00dcbergangszeit als Heizungsunterst\u00fctzung.&nbsp;&nbsp;Wir heizen seit Jahren mit einer \u00f6kologischen Pelletsheizung mit nachhaltigen\/nachwachsenden Energiequellen.<\/p>\n\n\n\n<p>Selbstverst\u00e4ndlich wird bei uns der Abfall getrennt, wobei Sie neben der gr\u00fcnen Tonne auch den hauseigenen Komposthaufen in der hintersten Gartenecke f\u00fcttern d\u00fcrfen.<\/p>\n\n\n\n<p>Der Teil des Hauses, in dem die Ferienwohnung untergebracht ist, wurde 1998 in Holzst\u00e4nderbauweise errichtet und bietet so ein gesundes Mikroklima. Das Mobiliar besteht gr\u00f6\u00dftenteils aus aufgearbeiteten Antiquit\u00e4ten und Naturholzbetten und Vollholzm\u00f6beln.<\/p>\n\n\n\n<p>Der 2000m\u00b2 gro\u00dfe naturbelassene&nbsp;&nbsp;und nur zur\u00fcckhaltend bewirtschaftete Garten bietet zahlreichen Kleintieren eine Heimat und Sie k\u00f6nnen unserer Eichh\u00f6rnchenfamilie, den Igeln und den einheimischen V\u00f6geln sowie den zugereisten Papageien bei ihrem Treiben zusehen.<\/p>\n\n\n\n<p>Im Namen stiftenden W\u00e4ldchen werden nur die Wege (zum Komposthaufen) gepflegt, ansonsten wir das W\u00e4ldchen der Natur \u00fcberlassen. Dort finden Sie etwas versteckt auch unsere M\u00fclltonnen.<\/p>\n","protected":false},"excerpt":{"rendered":"<p>Mit Stolz k\u00f6nnen wir sagen, dass wir Teil des nachhaltigen Reiseziels Deutsche Weinstra\u00dfe sind. Mit der Zertifizierung bekennt sich die Deutsche Weinstra\u00dfe als erste Region in Rheinland-Pfalz zu ihrer Verantwortung f\u00fcr nachhaltigen Tourismus und will sich gemeinsam mit uns, den Leistungstr\u00e4gern vor Ort, zukunftsf\u00e4hig weiterentwickeln. W\u00e4hrend des Zertifizierungsprozesses wurden drei Aspekte der Nachhaltigkeit (\u00f6konomische, \u00f6kologische &hellip; <\/p>\n<p class=\"link-more\"><a href=\"https:\/\/ferienwohnung-amwaeldchen.de\/?page_id=57\" class=\"more-link\"><span class=\"screen-reader-text\">\u201eNachhaltigkeit\u201c<\/span> weiterlesen<\/a><\/p>\n","protected":false},"author":1,"featured_media":0,"parent":0,"menu_order":0,"comment_status":"closed","ping_status":"closed","template":"","meta":{"footnotes":""},"_links":{"self":[{"href":"https:\/\/ferienwohnung-amwaeldchen.de\/index.php?rest_route=\/wp\/v2\/pages\/57"}],"collection":[{"href":"https:\/\/ferienwohnung-amwaeldchen.de\/index.php?rest_route=\/wp\/v2\/pages"}],"about":[{"href":"https:\/\/ferienwohnung-amwaeldchen.de\/index.php?rest_route=\/wp\/v2\/types\/page"}],"author":[{"embeddable":true,"href":"https:\/\/ferienwohnung-amwaeldchen.de\/index.php?rest_route=\/wp\/v2\/users\/1"}],"replies":[{"embeddable":true,"href":"https:\/\/ferienwohnung-amwaeldchen.de\/index.php?rest_route=%2Fwp%2Fv2%2Fcomments&post=57"}],"version-history":[{"count":4,"href":"https:\/\/ferienwohnung-amwaeldchen.de\/index.php?rest_route=\/wp\/v2\/pages\/57\/revisions"}],"predecessor-version":[{"id":79,"href":"https:\/\/ferienwohnung-amwaeldchen.de\/index.php?rest_route=\/wp\/v2\/pages\/57\/revisions\/79"}],"wp:attachment":[{"href":"https:\/\/ferienwohnung-amwaeldchen.de\/index.php?rest_route=%2Fwp%2Fv2%2Fmedia&parent=57"}],"curies":[{"name":"wp","href":"https:\/\/api.w.org\/{rel}","templated":true}]}}